{"id":10,"date":"2022-12-01T11:22:06","date_gmt":"2022-12-01T10:22:06","guid":{"rendered":"https:\/\/restaurant-goulu.paris\/?page_id=10"},"modified":"2025-03-31T17:32:40","modified_gmt":"2025-03-31T15:32:40","slug":"conseil-du-chef","status":"publish","type":"page","link":"https:\/\/restaurant-goulu.paris\/en\/conseil-du-chef\/","title":{"rendered":"Chef's tip"},"content":{"rendered":"<div class=\"gb-container gb-container-d1385586\">\n<div class=\"gb-container gb-container-620682bb\">\n\n<h1 class=\"gb-headline gb-headline-4414e5be gb-headline-text\"><strong>GOULUE <br>CHEF'S TIP<\/strong><\/h1>\n\n\n\n<a class=\"gb-button gb-button-c004af54 gb-button-text\" href=\"https:\/\/restaurant-goulu.paris\/en\/contact\/\">BOOKING<\/a>\n\n\n\n<h2 class=\"gb-headline gb-headline-9ec4c082\"><span class=\"gb-icon\"><svg aria-hidden=\"true\" role=\"img\" height=\"1em\" width=\"1em\" viewbox=\"0 0 448 512\" xmlns=\"http:\/\/www.w3.org\/2000\/svg\"><path fill=\"currentColor\" d=\"M207.029 381.476L12.686 187.132c-9.373-9.373-9.373-24.569 0-33.941l22.667-22.667c9.357-9.357 24.522-9.375 33.901-.04L224 284.505l154.745-154.021c9.379-9.335 24.544-9.317 33.901.04l22.667 22.667c9.373 9.373 9.373 24.569 0 33.941L240.971 381.476c-9.373 9.372-24.569 9.372-33.942 0z\"><\/path><\/svg><\/span><\/h2>\n\n<\/div>\n<\/div>\n\n<div class=\"gb-container gb-container-a892c373\"><\/div>\n\n<div class=\"gb-container gb-container-bca64222\">\n<div class=\"gb-container gb-container-05065530\">\n\n<h2 class=\"gb-headline gb-headline-ddff3b02 gb-headline-text\"><strong>OUR BISTRONOMIC CHIEF ADVISES YOU\u2026<\/strong><\/h2>\n\n\n<div class=\"gb-grid-wrapper gb-grid-wrapper-e2923b34\">\n<div class=\"gb-grid-column gb-grid-column-fcf5a5a5\"><div class=\"gb-container gb-container-fcf5a5a5\">\n\n<div class=\"gb-grid-wrapper gb-grid-wrapper-3d7119bd gb-query-loop-wrapper\">\n<div class=\"gb-grid-column gb-grid-column-f42c10de gb-query-loop-item post-1097 post type-post status-publish format-standard has-post-thumbnail hentry category-actualites\"><div class=\"gb-container gb-container-f42c10de\">\n<div class=\"gb-grid-wrapper gb-grid-wrapper-8c75d0eb\">\n<div class=\"gb-grid-column gb-grid-column-6ba4d389\"><div class=\"gb-container gb-container-6ba4d389\">\n<figure class=\"gb-block-image gb-block-image-a0d6d49a\"><a href=\"https:\/\/restaurant-goulu.paris\/en\/le-chef-sinvite-chez-vous-le-service-traiteur-pour-vos-diners-prives-a-paris\/\"><img decoding=\"async\" width=\"1408\" height=\"768\" src=\"https:\/\/restaurant-goulu.paris\/wp-content\/uploads\/2026\/04\/013.webp\" class=\"gb-image-a0d6d49a\" alt=\"Chef \u00e0 domicile Paris, traiteur repas assis domicile, d\u00eener priv\u00e9 entre amis, organisation repas anniversaire maison, cuisine gastronomique livr\u00e9e, chef dressant assiette, service traiteur luxe Paris.\" srcset=\"https:\/\/restaurant-goulu.paris\/wp-content\/uploads\/2026\/04\/013.webp 1408w, https:\/\/restaurant-goulu.paris\/wp-content\/uploads\/2026\/04\/013-300x164.webp 300w, https:\/\/restaurant-goulu.paris\/wp-content\/uploads\/2026\/04\/013-1024x559.webp 1024w, https:\/\/restaurant-goulu.paris\/wp-content\/uploads\/2026\/04\/013-768x419.webp 768w, https:\/\/restaurant-goulu.paris\/wp-content\/uploads\/2026\/04\/013-18x10.webp 18w\" sizes=\"(max-width: 1408px) 100vw, 1408px\" \/><\/a><\/figure>\n<\/div><\/div>\n\n<div class=\"gb-grid-column gb-grid-column-7e8542bb\"><div class=\"gb-container gb-container-7e8542bb\">\n<h2 class=\"gb-headline gb-headline-b57e93a7 gb-headline-text\"><a href=\"https:\/\/restaurant-goulu.paris\/en\/le-chef-sinvite-chez-vous-le-service-traiteur-pour-vos-diners-prives-a-paris\/\">Le Chef s&rsquo;invite chez vous : Le service traiteur pour vos d\u00eeners priv\u00e9s \u00e0 Paris<\/a><\/h2>\n\n<div class=\"gb-headline gb-headline-b830fa39 gb-headline-text\">Le Chef s&rsquo;invite chez vous : Le service traiteur pour vos d\u00eeners priv\u00e9s \u00e0 Paris &#8230;<\/div>\n\n<div class=\"gb-container gb-container-07cf76a3\"><\/div>\n\n<a class=\"gb-button gb-button-ed4377ca gb-button-text\" href=\"https:\/\/restaurant-goulu.paris\/en\/le-chef-sinvite-chez-vous-le-service-traiteur-pour-vos-diners-prives-a-paris\/\">LIRE L\u2019ARTICLE<\/a>\n<\/div><\/div>\n<\/div>\n\n<div class=\"gb-container gb-container-fbd303bd\"><\/div>\n<\/div><\/div>\n\n<div class=\"gb-grid-column gb-grid-column-f42c10de gb-query-loop-item post-1098 post type-post status-publish format-standard has-post-thumbnail hentry category-actualites\"><div class=\"gb-container gb-container-f42c10de\">\n<div class=\"gb-grid-wrapper gb-grid-wrapper-8c75d0eb\">\n<div class=\"gb-grid-column gb-grid-column-6ba4d389\"><div class=\"gb-container gb-container-6ba4d389\">\n<figure class=\"gb-block-image gb-block-image-a0d6d49a\"><a href=\"https:\/\/restaurant-goulu.paris\/en\/ou-manger-apres-un-salon-a-la-porte-de-versailles-lescale-gourmande-paris-15\/\"><img decoding=\"async\" width=\"1408\" height=\"768\" src=\"https:\/\/restaurant-goulu.paris\/wp-content\/uploads\/2026\/04\/014.webp\" class=\"gb-image-a0d6d49a\" alt=\"Restaurant proche Porte de Versailles, d\u00eener apr\u00e8s salon Paris, homme affaires restaurant cosy, cuisine bistronomique Paris 15, manger Parc des Expositions Paris, restaurant calme Vaugirard, verre de vin d\u00e9tente.\" srcset=\"https:\/\/restaurant-goulu.paris\/wp-content\/uploads\/2026\/04\/014.webp 1408w, https:\/\/restaurant-goulu.paris\/wp-content\/uploads\/2026\/04\/014-300x164.webp 300w, https:\/\/restaurant-goulu.paris\/wp-content\/uploads\/2026\/04\/014-1024x559.webp 1024w, https:\/\/restaurant-goulu.paris\/wp-content\/uploads\/2026\/04\/014-768x419.webp 768w, https:\/\/restaurant-goulu.paris\/wp-content\/uploads\/2026\/04\/014-18x10.webp 18w\" sizes=\"(max-width: 1408px) 100vw, 1408px\" \/><\/a><\/figure>\n<\/div><\/div>\n\n<div class=\"gb-grid-column gb-grid-column-7e8542bb\"><div class=\"gb-container gb-container-7e8542bb\">\n<h2 class=\"gb-headline gb-headline-b57e93a7 gb-headline-text\"><a href=\"https:\/\/restaurant-goulu.paris\/en\/ou-manger-apres-un-salon-a-la-porte-de-versailles-lescale-gourmande-paris-15\/\">O\u00f9 manger apr\u00e8s un salon \u00e0 la Porte de Versailles ? L&rsquo;escale gourmande Paris 15<\/a><\/h2>\n\n<div class=\"gb-headline gb-headline-b830fa39 gb-headline-text\">O\u00f9 manger apr\u00e8s un salon \u00e0 la Porte de Versailles ? L&rsquo;escale gourmande Paris 15 &#8230;<\/div>\n\n<div class=\"gb-container gb-container-07cf76a3\"><\/div>\n\n<a class=\"gb-button gb-button-ed4377ca gb-button-text\" href=\"https:\/\/restaurant-goulu.paris\/en\/ou-manger-apres-un-salon-a-la-porte-de-versailles-lescale-gourmande-paris-15\/\">LIRE L\u2019ARTICLE<\/a>\n<\/div><\/div>\n<\/div>\n\n<div class=\"gb-container gb-container-fbd303bd\"><\/div>\n<\/div><\/div>\n\n<div class=\"gb-grid-column gb-grid-column-f42c10de gb-query-loop-item post-1099 post type-post status-publish format-standard has-post-thumbnail hentry category-actualites\"><div class=\"gb-container gb-container-f42c10de\">\n<div class=\"gb-grid-wrapper gb-grid-wrapper-8c75d0eb\">\n<div class=\"gb-grid-column gb-grid-column-6ba4d389\"><div class=\"gb-container gb-container-6ba4d389\">\n<figure class=\"gb-block-image gb-block-image-a0d6d49a\"><a href=\"https:\/\/restaurant-goulu.paris\/en\/soiree-de-fin-dannee-dentreprise-privatisez-un-restaurant-bistronomique\/\"><img decoding=\"async\" width=\"1408\" height=\"768\" src=\"https:\/\/restaurant-goulu.paris\/wp-content\/uploads\/2026\/04\/015.webp\" class=\"gb-image-a0d6d49a\" alt=\"Repas fin d&#039;ann\u00e9e entreprise Paris, soir\u00e9e No\u00ebl entreprise restaurant, privatisation restaurant Paris 15, d\u00eener groupe coll\u00e8gues, menu f\u00eate restaurant bistronomique, ambiance festive restaurant chic, toast champagne \u00e9quipe.\" srcset=\"https:\/\/restaurant-goulu.paris\/wp-content\/uploads\/2026\/04\/015.webp 1408w, https:\/\/restaurant-goulu.paris\/wp-content\/uploads\/2026\/04\/015-300x164.webp 300w, https:\/\/restaurant-goulu.paris\/wp-content\/uploads\/2026\/04\/015-1024x559.webp 1024w, https:\/\/restaurant-goulu.paris\/wp-content\/uploads\/2026\/04\/015-768x419.webp 768w, https:\/\/restaurant-goulu.paris\/wp-content\/uploads\/2026\/04\/015-18x10.webp 18w\" sizes=\"(max-width: 1408px) 100vw, 1408px\" \/><\/a><\/figure>\n<\/div><\/div>\n\n<div class=\"gb-grid-column gb-grid-column-7e8542bb\"><div class=\"gb-container gb-container-7e8542bb\">\n<h2 class=\"gb-headline gb-headline-b57e93a7 gb-headline-text\"><a href=\"https:\/\/restaurant-goulu.paris\/en\/soiree-de-fin-dannee-dentreprise-privatisez-un-restaurant-bistronomique\/\">Soir\u00e9e de fin d&rsquo;ann\u00e9e d&rsquo;entreprise : Privatisez un restaurant bistronomique<\/a><\/h2>\n\n<div class=\"gb-headline gb-headline-b830fa39 gb-headline-text\">Soir\u00e9e de fin d&rsquo;ann\u00e9e d&rsquo;entreprise : Privatisez un restaurant bistronomique DL&rsquo;hiver approche, les jours raccourcissent, &#8230;<\/div>\n\n<div class=\"gb-container gb-container-07cf76a3\"><\/div>\n\n<a class=\"gb-button gb-button-ed4377ca gb-button-text\" href=\"https:\/\/restaurant-goulu.paris\/en\/soiree-de-fin-dannee-dentreprise-privatisez-un-restaurant-bistronomique\/\">LIRE L\u2019ARTICLE<\/a>\n<\/div><\/div>\n<\/div>\n\n<div class=\"gb-container gb-container-fbd303bd\"><\/div>\n<\/div><\/div>\n\n<div class=\"gb-grid-column gb-grid-column-f42c10de gb-query-loop-item post-1084 post type-post status-publish format-standard has-post-thumbnail hentry category-actualites\"><div class=\"gb-container gb-container-f42c10de\">\n<div class=\"gb-grid-wrapper gb-grid-wrapper-8c75d0eb\">\n<div class=\"gb-grid-column gb-grid-column-6ba4d389\"><div class=\"gb-container gb-container-6ba4d389\">\n<figure class=\"gb-block-image gb-block-image-a0d6d49a\"><a href=\"https:\/\/restaurant-goulu.paris\/en\/cadeaux-daffaires-et-remerciements-collaborateurs-offrez-un-moment-dexception\/\"><img decoding=\"async\" width=\"1408\" height=\"768\" src=\"https:\/\/restaurant-goulu.paris\/wp-content\/uploads\/2026\/03\/012.webp\" class=\"gb-image-a0d6d49a\" alt=\"Cadeau d&#039;affaires restaurant Paris, carte cadeau entreprise, r\u00e9compense collaborateur, inviter client restaurant Paris 15, bon cadeau gastronomique pro, cadeau fin d&#039;ann\u00e9e entreprise, remerciement business.\" srcset=\"https:\/\/restaurant-goulu.paris\/wp-content\/uploads\/2026\/03\/012.webp 1408w, https:\/\/restaurant-goulu.paris\/wp-content\/uploads\/2026\/03\/012-300x164.webp 300w, https:\/\/restaurant-goulu.paris\/wp-content\/uploads\/2026\/03\/012-1024x559.webp 1024w, https:\/\/restaurant-goulu.paris\/wp-content\/uploads\/2026\/03\/012-768x419.webp 768w, https:\/\/restaurant-goulu.paris\/wp-content\/uploads\/2026\/03\/012-18x10.webp 18w\" sizes=\"(max-width: 1408px) 100vw, 1408px\" \/><\/a><\/figure>\n<\/div><\/div>\n\n<div class=\"gb-grid-column gb-grid-column-7e8542bb\"><div class=\"gb-container gb-container-7e8542bb\">\n<h2 class=\"gb-headline gb-headline-b57e93a7 gb-headline-text\"><a href=\"https:\/\/restaurant-goulu.paris\/en\/cadeaux-daffaires-et-remerciements-collaborateurs-offrez-un-moment-dexception\/\">Cadeaux d&rsquo;affaires et remerciements collaborateurs : Offrez un moment d&rsquo;exception<\/a><\/h2>\n\n<div class=\"gb-headline gb-headline-b830fa39 gb-headline-text\">Cadeaux d&rsquo;affaires et remerciements collaborateurs : Offrez un moment d&rsquo;exception Dans le monde professionnel, dire &#8230;<\/div>\n\n<div class=\"gb-container gb-container-07cf76a3\"><\/div>\n\n<a class=\"gb-button gb-button-ed4377ca gb-button-text\" href=\"https:\/\/restaurant-goulu.paris\/en\/cadeaux-daffaires-et-remerciements-collaborateurs-offrez-un-moment-dexception\/\">LIRE L\u2019ARTICLE<\/a>\n<\/div><\/div>\n<\/div>\n\n<div class=\"gb-container gb-container-fbd303bd\"><\/div>\n<\/div><\/div>\n\n<div class=\"gb-grid-column gb-grid-column-f42c10de gb-query-loop-item post-1079 post type-post status-publish format-standard has-post-thumbnail hentry category-actualites\"><div class=\"gb-container gb-container-f42c10de\">\n<div class=\"gb-grid-wrapper gb-grid-wrapper-8c75d0eb\">\n<div class=\"gb-grid-column gb-grid-column-6ba4d389\"><div class=\"gb-container gb-container-6ba4d389\">\n<figure class=\"gb-block-image gb-block-image-a0d6d49a\"><a href=\"https:\/\/restaurant-goulu.paris\/en\/baptemes-et-communions-recevoir-sa-famille-au-restaurant-sans-les-contraintes\/\"><img decoding=\"async\" width=\"1536\" height=\"1024\" src=\"https:\/\/restaurant-goulu.paris\/wp-content\/uploads\/2026\/03\/011.webp\" class=\"gb-image-a0d6d49a\" alt=\"Repas de bapt\u00eame restaurant Paris, d\u00e9jeuner communion famille, privatisation restaurant Paris 15, table de f\u00eate restaurant chic, g\u00e2teau bapt\u00eame fait maison, salon priv\u00e9 repas famille, restaurant enfant bienvenu Paris.\" srcset=\"https:\/\/restaurant-goulu.paris\/wp-content\/uploads\/2026\/03\/011.webp 1536w, https:\/\/restaurant-goulu.paris\/wp-content\/uploads\/2026\/03\/011-300x200.webp 300w, https:\/\/restaurant-goulu.paris\/wp-content\/uploads\/2026\/03\/011-1024x683.webp 1024w, https:\/\/restaurant-goulu.paris\/wp-content\/uploads\/2026\/03\/011-768x512.webp 768w, https:\/\/restaurant-goulu.paris\/wp-content\/uploads\/2026\/03\/011-18x12.webp 18w\" sizes=\"(max-width: 1536px) 100vw, 1536px\" \/><\/a><\/figure>\n<\/div><\/div>\n\n<div class=\"gb-grid-column gb-grid-column-7e8542bb\"><div class=\"gb-container gb-container-7e8542bb\">\n<h2 class=\"gb-headline gb-headline-b57e93a7 gb-headline-text\"><a href=\"https:\/\/restaurant-goulu.paris\/en\/baptemes-et-communions-recevoir-sa-famille-au-restaurant-sans-les-contraintes\/\">Bapt\u00eames et Communions : Recevoir sa famille au restaurant sans les contraintes<\/a><\/h2>\n\n<div class=\"gb-headline gb-headline-b830fa39 gb-headline-text\">Bapt\u00eames et Communions : Recevoir sa famille au restaurant sans les contraintes Le printemps arrive, &#8230;<\/div>\n\n<div class=\"gb-container gb-container-07cf76a3\"><\/div>\n\n<a class=\"gb-button gb-button-ed4377ca gb-button-text\" href=\"https:\/\/restaurant-goulu.paris\/en\/baptemes-et-communions-recevoir-sa-famille-au-restaurant-sans-les-contraintes\/\">LIRE L\u2019ARTICLE<\/a>\n<\/div><\/div>\n<\/div>\n\n<div class=\"gb-container gb-container-fbd303bd\"><\/div>\n<\/div><\/div>\n\n<div class=\"gb-grid-column gb-grid-column-f42c10de gb-query-loop-item post-1074 post type-post status-publish format-standard has-post-thumbnail hentry category-actualites\"><div class=\"gb-container gb-container-f42c10de\">\n<div class=\"gb-grid-wrapper gb-grid-wrapper-8c75d0eb\">\n<div class=\"gb-grid-column gb-grid-column-6ba4d389\"><div class=\"gb-container gb-container-6ba4d389\">\n<figure class=\"gb-block-image gb-block-image-a0d6d49a\"><a href=\"https:\/\/restaurant-goulu.paris\/en\/de-la-terre-a-lassiette-lengagement-produits-frais-du-restaurant-goulu\/\"><img decoding=\"async\" width=\"1408\" height=\"768\" src=\"https:\/\/restaurant-goulu.paris\/wp-content\/uploads\/2026\/03\/010.webp\" class=\"gb-image-a0d6d49a\" alt=\"Restaurant produits frais Paris, chef s\u00e9lection l\u00e9gumes saison, cuisine fait maison Paris 15, sourcing produits locaux restaurant, l\u00e9gumes march\u00e9 Rungis, alimentation saine restaurant, gastronomie responsable.\" srcset=\"https:\/\/restaurant-goulu.paris\/wp-content\/uploads\/2026\/03\/010.webp 1408w, https:\/\/restaurant-goulu.paris\/wp-content\/uploads\/2026\/03\/010-300x164.webp 300w, https:\/\/restaurant-goulu.paris\/wp-content\/uploads\/2026\/03\/010-1024x559.webp 1024w, https:\/\/restaurant-goulu.paris\/wp-content\/uploads\/2026\/03\/010-768x419.webp 768w, https:\/\/restaurant-goulu.paris\/wp-content\/uploads\/2026\/03\/010-18x10.webp 18w\" sizes=\"(max-width: 1408px) 100vw, 1408px\" \/><\/a><\/figure>\n<\/div><\/div>\n\n<div class=\"gb-grid-column gb-grid-column-7e8542bb\"><div class=\"gb-container gb-container-7e8542bb\">\n<h2 class=\"gb-headline gb-headline-b57e93a7 gb-headline-text\"><a href=\"https:\/\/restaurant-goulu.paris\/en\/de-la-terre-a-lassiette-lengagement-produits-frais-du-restaurant-goulu\/\">De la terre \u00e0 l&rsquo;assiette : L&rsquo;engagement \u00ab\u00a0Produits Frais\u00a0\u00bb du restaurant Goulu<\/a><\/h2>\n\n<div class=\"gb-headline gb-headline-b830fa39 gb-headline-text\">De la terre \u00e0 l&rsquo;assiette : L&rsquo;engagement \u00ab\u00a0Produits Frais\u00a0\u00bb du restaurant Goulu \u00c0 l&rsquo;heure o\u00f9 &#8230;<\/div>\n\n<div class=\"gb-container gb-container-07cf76a3\"><\/div>\n\n<a class=\"gb-button gb-button-ed4377ca gb-button-text\" href=\"https:\/\/restaurant-goulu.paris\/en\/de-la-terre-a-lassiette-lengagement-produits-frais-du-restaurant-goulu\/\">LIRE L\u2019ARTICLE<\/a>\n<\/div><\/div>\n<\/div>\n\n<div class=\"gb-container gb-container-fbd303bd\"><\/div>\n<\/div><\/div>\n\n<div class=\"gb-grid-column gb-grid-column-f42c10de gb-query-loop-item post-1067 post type-post status-publish format-standard has-post-thumbnail hentry category-actualites\"><div class=\"gb-container gb-container-f42c10de\">\n<div class=\"gb-grid-wrapper gb-grid-wrapper-8c75d0eb\">\n<div class=\"gb-grid-column gb-grid-column-6ba4d389\"><div class=\"gb-container gb-container-6ba4d389\">\n<figure class=\"gb-block-image gb-block-image-a0d6d49a\"><a href=\"https:\/\/restaurant-goulu.paris\/en\/lancement-de-produit-et-soirees-presse-sur-paris-marquez-les-esprits-avec-une-cuisine-creative\/\"><img decoding=\"async\" width=\"1408\" height=\"768\" src=\"https:\/\/restaurant-goulu.paris\/wp-content\/uploads\/2026\/02\/009.webp\" class=\"gb-image-a0d6d49a\" alt=\"Traiteur lancement produit Paris, bouch\u00e9es cr\u00e9atives \u00e9v\u00e9nementiel, traiteur soir\u00e9e presse, buffet branding entreprise, cocktail dinatoire influenceur Paris, gastronomie \u00e9v\u00e9nementielle design, traiteur original Paris\" srcset=\"https:\/\/restaurant-goulu.paris\/wp-content\/uploads\/2026\/02\/009.webp 1408w, https:\/\/restaurant-goulu.paris\/wp-content\/uploads\/2026\/02\/009-300x164.webp 300w, https:\/\/restaurant-goulu.paris\/wp-content\/uploads\/2026\/02\/009-1024x559.webp 1024w, https:\/\/restaurant-goulu.paris\/wp-content\/uploads\/2026\/02\/009-768x419.webp 768w, https:\/\/restaurant-goulu.paris\/wp-content\/uploads\/2026\/02\/009-18x10.webp 18w\" sizes=\"(max-width: 1408px) 100vw, 1408px\" \/><\/a><\/figure>\n<\/div><\/div>\n\n<div class=\"gb-grid-column gb-grid-column-7e8542bb\"><div class=\"gb-container gb-container-7e8542bb\">\n<h2 class=\"gb-headline gb-headline-b57e93a7 gb-headline-text\"><a href=\"https:\/\/restaurant-goulu.paris\/en\/lancement-de-produit-et-soirees-presse-sur-paris-marquez-les-esprits-avec-une-cuisine-creative\/\">Lancement de produit et soir\u00e9es presse sur Paris : Marquez les esprits avec une cuisine cr\u00e9ative<\/a><\/h2>\n\n<div class=\"gb-headline gb-headline-b830fa39 gb-headline-text\">Lancement de produit et soir\u00e9es presse sur Paris : Marquez les esprits avec une cuisine &#8230;<\/div>\n\n<div class=\"gb-container gb-container-07cf76a3\"><\/div>\n\n<a class=\"gb-button gb-button-ed4377ca gb-button-text\" href=\"https:\/\/restaurant-goulu.paris\/en\/lancement-de-produit-et-soirees-presse-sur-paris-marquez-les-esprits-avec-une-cuisine-creative\/\">LIRE L\u2019ARTICLE<\/a>\n<\/div><\/div>\n<\/div>\n\n<div class=\"gb-container gb-container-fbd303bd\"><\/div>\n<\/div><\/div>\n\n<div class=\"gb-grid-column gb-grid-column-f42c10de gb-query-loop-item post-1065 post type-post status-publish format-standard has-post-thumbnail hentry category-actualites\"><div class=\"gb-container gb-container-f42c10de\">\n<div class=\"gb-grid-wrapper gb-grid-wrapper-8c75d0eb\">\n<div class=\"gb-grid-column gb-grid-column-6ba4d389\"><div class=\"gb-container gb-container-6ba4d389\">\n<figure class=\"gb-block-image gb-block-image-a0d6d49a\"><a href=\"https:\/\/restaurant-goulu.paris\/en\/diner-romantique-a-paris-15-le-spot-cosy-pour-la-saint-valentin-ou-un-rendez-vous\/\"><img decoding=\"async\" width=\"1408\" height=\"768\" src=\"https:\/\/restaurant-goulu.paris\/wp-content\/uploads\/2026\/02\/008.webp\" class=\"gb-image-a0d6d49a\" alt=\"Restaurant romantique Paris 15, couple d\u00eener chandelles, repas Saint-Valentin Paris, ambiance cosy restaurant, dessert chocolat \u00e0 partager, soir\u00e9e amoureux Paris, restaurant chic Vaugirard\" srcset=\"https:\/\/restaurant-goulu.paris\/wp-content\/uploads\/2026\/02\/008.webp 1408w, https:\/\/restaurant-goulu.paris\/wp-content\/uploads\/2026\/02\/008-300x164.webp 300w, https:\/\/restaurant-goulu.paris\/wp-content\/uploads\/2026\/02\/008-1024x559.webp 1024w, https:\/\/restaurant-goulu.paris\/wp-content\/uploads\/2026\/02\/008-768x419.webp 768w, https:\/\/restaurant-goulu.paris\/wp-content\/uploads\/2026\/02\/008-18x10.webp 18w\" sizes=\"(max-width: 1408px) 100vw, 1408px\" \/><\/a><\/figure>\n<\/div><\/div>\n\n<div class=\"gb-grid-column gb-grid-column-7e8542bb\"><div class=\"gb-container gb-container-7e8542bb\">\n<h2 class=\"gb-headline gb-headline-b57e93a7 gb-headline-text\"><a href=\"https:\/\/restaurant-goulu.paris\/en\/diner-romantique-a-paris-15-le-spot-cosy-pour-la-saint-valentin-ou-un-rendez-vous\/\">D\u00eener romantique \u00e0 Paris 15 : Le spot Cosy pour la Saint-Valentin ou un rendez-vous<\/a><\/h2>\n\n<div class=\"gb-headline gb-headline-b830fa39 gb-headline-text\">D\u00eener romantique \u00e0 Paris 15 : Le spot Cosy pour la Saint-Valentin ou un rendez-vous &#8230;<\/div>\n\n<div class=\"gb-container gb-container-07cf76a3\"><\/div>\n\n<a class=\"gb-button gb-button-ed4377ca gb-button-text\" href=\"https:\/\/restaurant-goulu.paris\/en\/diner-romantique-a-paris-15-le-spot-cosy-pour-la-saint-valentin-ou-un-rendez-vous\/\">LIRE L\u2019ARTICLE<\/a>\n<\/div><\/div>\n<\/div>\n\n<div class=\"gb-container gb-container-fbd303bd\"><\/div>\n<\/div><\/div>\n\n<div class=\"gb-grid-column gb-grid-column-f42c10de gb-query-loop-item post-1060 post type-post status-publish format-standard has-post-thumbnail hentry category-actualites\"><div class=\"gb-container gb-container-f42c10de\">\n<div class=\"gb-grid-wrapper gb-grid-wrapper-8c75d0eb\">\n<div class=\"gb-grid-column gb-grid-column-6ba4d389\"><div class=\"gb-container gb-container-6ba4d389\">\n<figure class=\"gb-block-image gb-block-image-a0d6d49a\"><a href=\"https:\/\/restaurant-goulu.paris\/en\/repas-daffaires-et-seminaires-latout-du-salon-privatif-chez-goulu\/\"><img decoding=\"async\" width=\"1408\" height=\"768\" src=\"https:\/\/restaurant-goulu.paris\/wp-content\/uploads\/2026\/02\/007.webp\" class=\"gb-image-a0d6d49a\" alt=\"Repas d&#039;affaires Paris 15, r\u00e9union restaurant salon priv\u00e9, d\u00e9jeuner business \u00e9quipe, s\u00e9minaire entreprise restaurant Paris, salle r\u00e9union cosy, restaurant proche Porte de Versailles, privatisation espace pro\" srcset=\"https:\/\/restaurant-goulu.paris\/wp-content\/uploads\/2026\/02\/007.webp 1408w, https:\/\/restaurant-goulu.paris\/wp-content\/uploads\/2026\/02\/007-300x164.webp 300w, https:\/\/restaurant-goulu.paris\/wp-content\/uploads\/2026\/02\/007-1024x559.webp 1024w, https:\/\/restaurant-goulu.paris\/wp-content\/uploads\/2026\/02\/007-768x419.webp 768w, https:\/\/restaurant-goulu.paris\/wp-content\/uploads\/2026\/02\/007-18x10.webp 18w\" sizes=\"(max-width: 1408px) 100vw, 1408px\" \/><\/a><\/figure>\n<\/div><\/div>\n\n<div class=\"gb-grid-column gb-grid-column-7e8542bb\"><div class=\"gb-container gb-container-7e8542bb\">\n<h2 class=\"gb-headline gb-headline-b57e93a7 gb-headline-text\"><a href=\"https:\/\/restaurant-goulu.paris\/en\/repas-daffaires-et-seminaires-latout-du-salon-privatif-chez-goulu\/\">Repas d&rsquo;affaires et s\u00e9minaires : L&rsquo;atout du salon privatif chez Goulu<\/a><\/h2>\n\n<div class=\"gb-headline gb-headline-b830fa39 gb-headline-text\">Repas d&rsquo;affaires et s\u00e9minaires : L&rsquo;atout du salon privatif chez Goulu Dans le monde des &#8230;<\/div>\n\n<div class=\"gb-container gb-container-07cf76a3\"><\/div>\n\n<a class=\"gb-button gb-button-ed4377ca gb-button-text\" href=\"https:\/\/restaurant-goulu.paris\/en\/repas-daffaires-et-seminaires-latout-du-salon-privatif-chez-goulu\/\">LIRE L\u2019ARTICLE<\/a>\n<\/div><\/div>\n<\/div>\n\n<div class=\"gb-container gb-container-fbd303bd\"><\/div>\n<\/div><\/div>\n\n<div class=\"gb-grid-column gb-grid-column-f42c10de gb-query-loop-item post-1056 post type-post status-publish format-standard has-post-thumbnail hentry category-actualites\"><div class=\"gb-container gb-container-f42c10de\">\n<div class=\"gb-grid-wrapper gb-grid-wrapper-8c75d0eb\">\n<div class=\"gb-grid-column gb-grid-column-6ba4d389\"><div class=\"gb-container gb-container-6ba4d389\">\n<figure class=\"gb-block-image gb-block-image-a0d6d49a\"><a href=\"https:\/\/restaurant-goulu.paris\/en\/traiteur-mariage-a-paris-optez-pour-lelegance-bistronomique-pour-votre-vin-dhonneur\/\"><img decoding=\"async\" width=\"1408\" height=\"768\" src=\"https:\/\/restaurant-goulu.paris\/wp-content\/uploads\/2026\/01\/006.webp\" class=\"gb-image-a0d6d49a\" alt=\"Traiteur mariage Paris, vin d&#039;honneur chic, buffet mariage champ\u00eatre chic, pi\u00e8ces cocktail gastronomiques, organisation mariage \u00cele-de-France, traiteur bistronomique mariage, champagne mariage.\" srcset=\"https:\/\/restaurant-goulu.paris\/wp-content\/uploads\/2026\/01\/006.webp 1408w, https:\/\/restaurant-goulu.paris\/wp-content\/uploads\/2026\/01\/006-300x164.webp 300w, https:\/\/restaurant-goulu.paris\/wp-content\/uploads\/2026\/01\/006-1024x559.webp 1024w, https:\/\/restaurant-goulu.paris\/wp-content\/uploads\/2026\/01\/006-768x419.webp 768w, https:\/\/restaurant-goulu.paris\/wp-content\/uploads\/2026\/01\/006-18x10.webp 18w\" sizes=\"(max-width: 1408px) 100vw, 1408px\" \/><\/a><\/figure>\n<\/div><\/div>\n\n<div class=\"gb-grid-column gb-grid-column-7e8542bb\"><div class=\"gb-container gb-container-7e8542bb\">\n<h2 class=\"gb-headline gb-headline-b57e93a7 gb-headline-text\"><a href=\"https:\/\/restaurant-goulu.paris\/en\/traiteur-mariage-a-paris-optez-pour-lelegance-bistronomique-pour-votre-vin-dhonneur\/\">Traiteur mariage \u00e0 Paris : Optez pour l&rsquo;\u00e9l\u00e9gance bistronomique pour votre vin d&rsquo;honneur<\/a><\/h2>\n\n<div class=\"gb-headline gb-headline-b830fa39 gb-headline-text\">Traiteur mariage \u00e0 Paris : Optez pour l&rsquo;\u00e9l\u00e9gance bistronomique pour votre vin d&rsquo;honneur Le mariage &#8230;<\/div>\n\n<div class=\"gb-container gb-container-07cf76a3\"><\/div>\n\n<a class=\"gb-button gb-button-ed4377ca gb-button-text\" href=\"https:\/\/restaurant-goulu.paris\/en\/traiteur-mariage-a-paris-optez-pour-lelegance-bistronomique-pour-votre-vin-dhonneur\/\">LIRE L\u2019ARTICLE<\/a>\n<\/div><\/div>\n<\/div>\n\n<div class=\"gb-container gb-container-fbd303bd\"><\/div>\n<\/div><\/div>\n<\/div>\n\n<div class=\"gb-container gb-container-4960394b gb-query-loop-pagination\">\n\n\n<span class=\"gb-button gb-button-56015de4 gb-button-text page-numbers gb-block-is-current\" aria-current=\"page\">1<\/span><a class=\"gb-button gb-button-56015de4 gb-button-text page-numbers\" href=\"?query-4a46c1dd-page=2\">2<\/a><a class=\"gb-button gb-button-56015de4 gb-button-text page-numbers\" href=\"?query-4a46c1dd-page=3\">3<\/a><span class=\"gb-button gb-button-56015de4 gb-button-text page-numbers dots\">\u2026<\/span><a class=\"gb-button gb-button-56015de4 gb-button-text page-numbers\" href=\"?query-4a46c1dd-page=9\">9<\/a>\n\n<a class=\"gb-button gb-button-6b44db7e gb-button-text\" href=\"\/en\/wp-json\/wp\/v2\/pages\/10?query-4a46c1dd-page=2\">Suivant<\/a>\n<\/div>\n\n<\/div><\/div>\n<\/div>\n<\/div>\n<\/div>","protected":false},"excerpt":{"rendered":"<p>LES CONSEILS DU CHEF GOULUE NOTRE CHEF BISTRONOMIQUE VOUS CONSEILLE\u2026<\/p>","protected":false},"author":1,"featured_media":0,"parent":0,"menu_order":0,"comment_status":"closed","ping_status":"closed","template":"","meta":{"_seopress_robots_primary_cat":"","_seopress_titles_title":"","_seopress_titles_desc":"","_seopress_robots_index":"","inline_featured_image":false,"footnotes":""},"a3w-page-category":[9],"class_list":{"0":"post-10","1":"page","2":"type-page","3":"status-publish","5":"a3w-page-category-pages-avec-entete-fusionne","6":"no-featured-image-padding"},"_links":{"self":[{"href":"https:\/\/restaurant-goulu.paris\/en\/wp-json\/wp\/v2\/pages\/10","targetHints":{"allow":["GET"]}}],"collection":[{"href":"https:\/\/restaurant-goulu.paris\/en\/wp-json\/wp\/v2\/pages"}],"about":[{"href":"https:\/\/restaurant-goulu.paris\/en\/wp-json\/wp\/v2\/types\/page"}],"author":[{"embeddable":true,"href":"https:\/\/restaurant-goulu.paris\/en\/wp-json\/wp\/v2\/users\/1"}],"replies":[{"embeddable":true,"href":"https:\/\/restaurant-goulu.paris\/en\/wp-json\/wp\/v2\/comments?post=10"}],"version-history":[{"count":3,"href":"https:\/\/restaurant-goulu.paris\/en\/wp-json\/wp\/v2\/pages\/10\/revisions"}],"predecessor-version":[{"id":908,"href":"https:\/\/restaurant-goulu.paris\/en\/wp-json\/wp\/v2\/pages\/10\/revisions\/908"}],"wp:attachment":[{"href":"https:\/\/restaurant-goulu.paris\/en\/wp-json\/wp\/v2\/media?parent=10"}],"wp:term":[{"taxonomy":"a3w-page-category","embeddable":true,"href":"https:\/\/restaurant-goulu.paris\/en\/wp-json\/wp\/v2\/a3w-page-category?post=10"}],"curies":[{"name":"wp","href":"https:\/\/api.w.org\/{rel}","templated":true}]}}